{"id":36,"date":"2016-07-19T15:36:49","date_gmt":"2016-07-19T15:36:49","guid":{"rendered":"http:\/\/forumdooutono.inesctec.pt\/?page_id=36"},"modified":"2022-10-26T09:10:13","modified_gmt":"2022-10-26T09:10:13","slug":"boas-vindas","status":"publish","type":"page","link":"https:\/\/forumdooutono-arquivo.inesctec.pt\/index.php\/boas-vindas\/","title":{"rendered":"Boas-vindas"},"content":{"rendered":"\n<p>ACELERA\u00c7\u00c3O DA DESCARBONIZA\u00c7\u00c3O DA ECONOMIA <\/p>\n\n\n\n<p>6 DE DEZEMBRO DE 2022<\/p>\n\n\n\n<p>AUDIT\u00d3RIO DA FEUP, PORTO<\/p>\n\n\n\n<p>   <\/p>\n\n\n\n<p>O <strong>F\u00f3rum de Outono<\/strong> \u00e9 uma iniciativa anual do INESC TEC que visa promover um espa\u00e7o de discuss\u00e3o de temas de grande interesse para o Pa\u00eds, quer do ponto de vista da economia quer das pol\u00edticas p\u00fablicas, em particular aqueles que s\u00e3o fortemente influenciados pela ci\u00eancia e tecnologia. O objetivo \u00e9 juntar individualidades capazes de dar contribui\u00e7\u00f5es relevantes nas \u00e1reas em discuss\u00e3o, colocando em confronto a sociedade civil, os agentes econ\u00f3micos, as entidades p\u00fablicas, bem como o sistema nacional de ci\u00eancia e ensino superior, na procura de caminhos de valoriza\u00e7\u00e3o do conhecimento e qualifica\u00e7\u00e3o dos recursos humanos, visando um pa\u00eds mais coeso, mais desenvolvido e mais competitivo. <\/p>\n\n\n\n<p>O F\u00f3rum de Outono teve a sua primeira edi\u00e7\u00e3o em 2015, inserido na comemora\u00e7\u00e3o dos 30 anos do INESC no Porto e teve espectro amplo, abordando 4 temas de grande interesse para o Pa\u00eds e onde a ci\u00eancia e a tecnologia t\u00eam um importante papel a desempenhar: Sa\u00fade, Mar, Energia e Ind\u00fastria. Na sequ\u00eancia desse primeiro evento foi decidido passar a realizar o f\u00f3rum anualmente, mas numa perspetiva mais concentrada \u00e0 volta de um tema. No corrente ano, o 7\u00ba f\u00f3rum ser\u00e1 dedicado \u00e0 energia e ambiente. <\/p>\n\n\n\n<p>Estamos hoje a viver um momento onde emergem de forma clara altera\u00e7\u00f5es clim\u00e1ticas que s\u00e3o vis\u00edveis nas ondas de calor e nos per\u00edodos de seca prolongada, nas inunda\u00e7\u00f5es e tuf\u00f5es ou no degelo das calotes polares. Em grande parte tal resulta indiretamente do elevado volume de emiss\u00f5es de di\u00f3xido de carbono resultante da atividade humana, em particular no setor energ\u00e9tico, e dos inc\u00eandios que t\u00eam devastado extensas zonas florestais. H\u00e1, pois, hoje uma emerg\u00eancia clim\u00e1tica \u00e0 qual se juntou uma emerg\u00eancia econ\u00f3mica resultante da guerra na Ucr\u00e2nia. Ora, o Ambiente, a Energia e a Economia est\u00e3o profundamente ligados e \u00e9 necess\u00e1rio olhar de forma integrada para todos estes dom\u00ednios. A<br>Transi\u00e7\u00e3o Energ\u00e9tica tornou-se assim urgent\u00edssima, sendo preciso promover a sua acelera\u00e7\u00e3o, redesenhando Planos de Energia e Clima e avaliando os impactos ambientais e econ\u00f3micos, planeando a seguran\u00e7a energ\u00e9tica do abastecimento e assegurando tamb\u00e9m n\u00edveis elevados de resili\u00eancia ao sistema energ\u00e9tico. \u00c9, pois, importante discutir solu\u00e7\u00f5es t\u00e9cnicas, regulat\u00f3rias e ambientais para ajudar a definir pol\u00edticas p\u00fablicas que promovam uma trajet\u00f3ria que passa pela crescente eletrifica\u00e7\u00e3o da sociedade e da economia, sustentada no aumento da efici\u00eancia no consumo e no  aumento da produ\u00e7\u00e3o de eletricidade a partir de fontes renov\u00e1veis.<\/p>\n\n\n\n<p> <\/p>\n\n\n\n<p><\/p>\n","protected":false},"excerpt":{"rendered":"<p>ACELERA\u00c7\u00c3O DA DESCARBONIZA\u00c7\u00c3O DA ECONOMIA 6 DE DEZEMBRO DE 2022 AUDIT\u00d3RIO DA FEUP, PORTO O F\u00f3rum de Outono \u00e9 uma iniciativa anual do INESC TEC que visa promover um espa\u00e7o de discuss\u00e3o de temas de grande interesse para o Pa\u00eds, quer do ponto de vista da economia quer das pol\u00edticas p\u00fablicas, em particular aqueles que [&hellip;]<\/p>\n","protected":false},"author":2,"featured_media":0,"parent":0,"menu_order":1,"comment_status":"closed","ping_status":"closed","template":"","meta":{"ngg_post_thumbnail":0,"footnotes":""},"_links":{"self":[{"href":"https:\/\/forumdooutono-arquivo.inesctec.pt\/index.php\/wp-json\/wp\/v2\/pages\/36"}],"collection":[{"href":"https:\/\/forumdooutono-arquivo.inesctec.pt\/index.php\/wp-json\/wp\/v2\/pages"}],"about":[{"href":"https:\/\/forumdooutono-arquivo.inesctec.pt\/index.php\/wp-json\/wp\/v2\/types\/page"}],"author":[{"embeddable":true,"href":"https:\/\/forumdooutono-arquivo.inesctec.pt\/index.php\/wp-json\/wp\/v2\/users\/2"}],"replies":[{"embeddable":true,"href":"https:\/\/forumdooutono-arquivo.inesctec.pt\/index.php\/wp-json\/wp\/v2\/comments?post=36"}],"version-history":[{"count":49,"href":"https:\/\/forumdooutono-arquivo.inesctec.pt\/index.php\/wp-json\/wp\/v2\/pages\/36\/revisions"}],"predecessor-version":[{"id":2850,"href":"https:\/\/forumdooutono-arquivo.inesctec.pt\/index.php\/wp-json\/wp\/v2\/pages\/36\/revisions\/2850"}],"wp:attachment":[{"href":"https:\/\/forumdooutono-arquivo.inesctec.pt\/index.php\/wp-json\/wp\/v2\/media?parent=36"}],"curies":[{"name":"wp","href":"https:\/\/api.w.org\/{rel}","templated":true}]}}