{"id":1783,"date":"2019-07-29T07:59:08","date_gmt":"2019-07-29T07:59:08","guid":{"rendered":"http:\/\/forumdooutono.inesctec.pt\/?page_id=1783"},"modified":"2019-07-29T09:21:10","modified_gmt":"2019-07-29T09:21:10","slug":"programa-2018","status":"publish","type":"page","link":"https:\/\/forumdooutono-arquivo.inesctec.pt\/index.php\/edicoes-anteriores\/edicao-2018\/programa-2018\/","title":{"rendered":"Programa 2018"},"content":{"rendered":"\t\t<div data-elementor-type=\"wp-page\" data-elementor-id=\"1783\" class=\"elementor elementor-1783\">\n\t\t\t\t\t\t<section class=\"elementor-section elementor-top-section elementor-element elementor-element-feb514c elementor-section-boxed elementor-section-height-default elementor-section-height-default\" data-id=\"feb514c\" data-element_type=\"section\">\n\t\t\t\t\t\t<div class=\"elementor-container elementor-column-gap-default\">\n\t\t\t\t\t<div class=\"elementor-column elementor-col-100 elementor-top-column elementor-element elementor-element-bb960e6\" data-id=\"bb960e6\" data-element_type=\"column\">\n\t\t\t<div class=\"elementor-widget-wrap elementor-element-populated\">\n\t\t\t\t\t\t<div class=\"elementor-element elementor-element-7dc4e27 elementor-widget elementor-widget-text-editor\" data-id=\"7dc4e27\" data-element_type=\"widget\" data-widget_type=\"text-editor.default\">\n\t\t\t\t<div class=\"elementor-widget-container\">\n\t\t\t\t\t\t\t<div class=\"post-content\"><div class=\"elementor elementor-40\" data-elementor-type=\"post\" data-elementor-id=\"40\" data-elementor-settings=\"[]\"><div class=\"elementor-inner\"><div class=\"elementor-section-wrap\"><section class=\"elementor-element elementor-element-45049693 elementor-section-boxed elementor-section-height-default elementor-section-height-default elementor-section elementor-top-section\" data-id=\"45049693\" data-element_type=\"section\"><div class=\"elementor-container elementor-column-gap-default\"><div class=\"elementor-row\"><div class=\"elementor-element elementor-element-296f1b2e elementor-column elementor-col-100 elementor-top-column\" data-id=\"296f1b2e\" data-element_type=\"column\"><div class=\"elementor-column-wrap elementor-element-populated\"><div class=\"elementor-widget-wrap\"><div class=\"elementor-element elementor-element-31920031 elementor-widget elementor-widget-text-editor\" data-id=\"31920031\" data-element_type=\"widget\" data-widget_type=\"text-editor.default\"><div class=\"elementor-widget-container\"><div class=\"elementor-text-editor elementor-clearfix\"><p><a href=\"http:\/\/forumdooutono.inesctec.pt\/index.php\/galeria-multimedia-2018\/\">Galeria Multim\u00e9dia<\/a>\u00a0|\u00a0<a href=\"http:\/\/forumdooutono.inesctec.pt\/index.php\/edicoes-anteriores\/edicao-2018\/apresentacoes-2018\/\">Apresenta\u00e7\u00f5es Oradores<\/a> | <a href=\"http:\/\/forumdooutono.inesctec.pt\/index.php\/edicoes-anteriores\/edicao-2018\/noticias-2018\/\">Not\u00edcias<\/a><\/p><h5><em>\u00a0<\/em><\/h5><h5>\u201cAs empresas que fazem o digital. As empresas que o digital refaz\u201d<\/h5><h5>Data: 23 de outubro de 2018<\/h5><h5>Local: Biblioteca Almeida Garrett, Porto<\/h5><h5>P\u00fablico-alvo: Empresas e outras institui\u00e7\u00f5es<\/h5><p>\u00a011:00 Abertura<\/p><p>Jos\u00e9 Manuel Mendon\u00e7a\u00a0| INESC TEC \/ FEUP<\/p><p>Pedro Rodrigues\u00a0| Vice-Reitor da Universidade do Porto<\/p><p>Manuel Heitor\u00a0| Ministro da Ci\u00eancia, Tecnologia e Ensino Superior<\/p><p>11:30 Interven\u00e7\u00f5es convidadas\u00a0<\/p><p>Ant\u00f3nio Murta\u00a0| Pathena<\/p><p>Yike Guo\u00a0| Imperial College Data Science Institute\u00a0\u00a0<\/p><p>12:30 Almo\u00e7o<\/p><p>14:30 Sess\u00e3o da Tarde 1: As empresas que fazem o digital<br \/>Keynote Speach:\u00a0Jo\u00e3o Barros\u00a0| Veniam<\/p><p>Painel moderado por\u00a0Rui Oliveira\u00a0\u00a0| INESC TEC\/UMinho<\/p><p>Participantes:<br \/>Jo\u00e3o Gra\u00e7a\u00a0| Unbabel<br \/>Pedro Faria\u00a0| Feedzai<br \/>Rui Barreira\u00a0| Critical Software<\/p><p>H\u00e9lder Dias\u00a0| Farfetch<\/p><p>\u00a016:00 Intervalo para caf\u00e9<br \/>16:30 Sess\u00e3o da Tarde 2: As empresas que o digital refaz<br \/>Keynote Speach:\u00a0Manuel Carvalho\u00a0| P\u00fablico<\/p><p>Painel moderado por\u00a0Aurora Teixeira\u00a0| INESC TEC\/FEP<\/p><p>Participantes:<br \/>Gon\u00e7alo Caseiro| INCM<br \/>Jo\u00e3o Pedro Galveias\u00a0| RTP<br \/>Jorge Ferreira\u00a0| IKEA Industry<br \/>Jo\u00e3o G\u00fcnther Amaral\u00a0| Sonae MC<\/p><p>18:00 S\u00edntese e Conclus\u00f5es\u00a0<\/p><p>Rita Marques\u00a0| Portugal Ventures\u00a0<\/p><p>Pedro Guedes de Oliveira\u00a0| INESC TEC\/ FEUP<\/p><p>Jo\u00e3o Claro\u00a0| INESC TEC\/ FEUP<\/p><\/div><\/div><\/div><\/div><\/div><\/div><\/div><\/div><\/section><\/div><\/div><\/div><\/div>\t\t\t\t\t\t<\/div>\n\t\t\t\t<\/div>\n\t\t\t\t\t<\/div>\n\t\t<\/div>\n\t\t\t\t\t<\/div>\n\t\t<\/section>\n\t\t\t\t<\/div>\n\t\t","protected":false},"excerpt":{"rendered":"<p>Galeria Multim\u00e9dia\u00a0|\u00a0Apresenta\u00e7\u00f5es Oradores | Not\u00edcias \u00a0 \u201cAs empresas que fazem o digital. As empresas que o digital refaz\u201d Data: 23 de outubro de 2018 Local: Biblioteca Almeida Garrett, Porto P\u00fablico-alvo: Empresas e outras institui\u00e7\u00f5es \u00a011:00 Abertura Jos\u00e9 Manuel Mendon\u00e7a\u00a0| INESC TEC \/ FEUP Pedro Rodrigues\u00a0| Vice-Reitor da Universidade do Porto Manuel Heitor\u00a0| Ministro da Ci\u00eancia, [&hellip;]<\/p>\n","protected":false},"author":2,"featured_media":0,"parent":1770,"menu_order":0,"comment_status":"closed","ping_status":"closed","template":"","meta":{"ngg_post_thumbnail":0,"footnotes":""},"_links":{"self":[{"href":"https:\/\/forumdooutono-arquivo.inesctec.pt\/index.php\/wp-json\/wp\/v2\/pages\/1783"}],"collection":[{"href":"https:\/\/forumdooutono-arquivo.inesctec.pt\/index.php\/wp-json\/wp\/v2\/pages"}],"about":[{"href":"https:\/\/forumdooutono-arquivo.inesctec.pt\/index.php\/wp-json\/wp\/v2\/types\/page"}],"author":[{"embeddable":true,"href":"https:\/\/forumdooutono-arquivo.inesctec.pt\/index.php\/wp-json\/wp\/v2\/users\/2"}],"replies":[{"embeddable":true,"href":"https:\/\/forumdooutono-arquivo.inesctec.pt\/index.php\/wp-json\/wp\/v2\/comments?post=1783"}],"version-history":[{"count":6,"href":"https:\/\/forumdooutono-arquivo.inesctec.pt\/index.php\/wp-json\/wp\/v2\/pages\/1783\/revisions"}],"predecessor-version":[{"id":1840,"href":"https:\/\/forumdooutono-arquivo.inesctec.pt\/index.php\/wp-json\/wp\/v2\/pages\/1783\/revisions\/1840"}],"up":[{"embeddable":true,"href":"https:\/\/forumdooutono-arquivo.inesctec.pt\/index.php\/wp-json\/wp\/v2\/pages\/1770"}],"wp:attachment":[{"href":"https:\/\/forumdooutono-arquivo.inesctec.pt\/index.php\/wp-json\/wp\/v2\/media?parent=1783"}],"curies":[{"name":"wp","href":"https:\/\/api.w.org\/{rel}","templated":true}]}}